{"id":2079,"date":"2024-01-05T15:25:41","date_gmt":"2024-01-05T14:25:41","guid":{"rendered":"https:\/\/www.tjspartakvaltirov.cz\/?page_id=2079"},"modified":"2024-01-05T15:29:11","modified_gmt":"2024-01-05T14:29:11","slug":"realizacni-tym","status":"publish","type":"page","link":"https:\/\/www.tjspartakvaltirov.cz\/?page_id=2079","title":{"rendered":"Realiza\u010dn\u00ed t\u00fdm"},"content":{"rendered":"<div class=\"sportspress\">\t<h3 class=\"sp-staff-name\"><strong class=\"sp-staff-role\">Tren\u00e9r<\/strong> Pavel \u0160ump\u00edk<\/h3>\n\t\t<div class=\"sp-template sp-template-staff-photo sp-template-photo sp-staff-photo\">\n\t\t<img loading=\"lazy\" decoding=\"async\" width=\"300\" height=\"300\" src=\"https:\/\/www.tjspartakvaltirov.cz\/wp-content\/uploads\/1956\/12\/Sumpik_P_trener-removebg-preview-300x300.png\" class=\"attachment-sportspress-fit-medium size-sportspress-fit-medium wp-post-image\" alt=\"\" srcset=\"https:\/\/www.tjspartakvaltirov.cz\/wp-content\/uploads\/1956\/12\/Sumpik_P_trener-removebg-preview-300x300.png 300w, https:\/\/www.tjspartakvaltirov.cz\/wp-content\/uploads\/1956\/12\/Sumpik_P_trener-removebg-preview-150x150.png 150w, https:\/\/www.tjspartakvaltirov.cz\/wp-content\/uploads\/1956\/12\/Sumpik_P_trener-removebg-preview-128x128.png 128w, https:\/\/www.tjspartakvaltirov.cz\/wp-content\/uploads\/1956\/12\/Sumpik_P_trener-removebg-preview-32x32.png 32w, https:\/\/www.tjspartakvaltirov.cz\/wp-content\/uploads\/1956\/12\/Sumpik_P_trener-removebg-preview-100x100.png 100w, https:\/\/www.tjspartakvaltirov.cz\/wp-content\/uploads\/1956\/12\/Sumpik_P_trener-removebg-preview.png 500w\" sizes=\"auto, (max-width: 300px) 100vw, 300px\" \/>\t<\/div>\n\t<div class=\"sp-template sp-template-staff-details sp-template-details\">\n\t<div class=\"sp-list-wrapper\"><dl class=\"sp-staff-details\"><dt>N\u00e1rodnost<\/dt><dd><img decoding=\"async\" src=\"https:\/\/www.tjspartakvaltirov.cz\/wp-content\/plugins\/sportspress-pro\/includes\/sportspress\/assets\/images\/flags\/cze.png\" alt=\"cze\">Czechia<\/dd><dt>Aktu\u00e1ln\u00ed t\u00fdm<\/dt><dd><a href=\"https:\/\/www.tjspartakvaltirov.cz\/?sp_team=tj-spartak-valtirov\">Spartak Valt\u00ed\u0159ov<\/a><\/dd><dt>Narozeniny<\/dt><dd>31 prosince, 1956<\/dd><dt>V\u011bk<\/dt><dd>69<\/dd><\/dl><\/div><\/div>\n<div class=\"sp-template sp-template-staff-contacts sp-template-details\"><div class=\"sp-list-wrapper\"><dl class=\"sp-staff-details sp-staff-contact\"><dt>Telefon<dd><a href=\"tel:+420724144849\">+420724144849<\/a><\/dd><dt>Email<dd><a href=\"mailto:p.sumpik@seznam.cz\">p.sumpik@seznam.cz<\/a><\/dd><\/dl><\/div><\/div><\/div>\n\n\n<div class=\"sportspress\">\t<h3 class=\"sp-staff-name\"><strong class=\"sp-staff-role\">Asistent tren\u00e9ra<\/strong> Dalibor \u0160ump\u00edk<\/h3>\n\t\t<div class=\"sp-template sp-template-staff-photo sp-template-photo sp-staff-photo\">\n\t\t<img loading=\"lazy\" decoding=\"async\" width=\"300\" height=\"300\" src=\"https:\/\/www.tjspartakvaltirov.cz\/wp-content\/uploads\/1981\/12\/Sumpik_Da_Asisit-removebg-preview-300x300.png\" class=\"attachment-sportspress-fit-medium size-sportspress-fit-medium wp-post-image\" alt=\"\" srcset=\"https:\/\/www.tjspartakvaltirov.cz\/wp-content\/uploads\/1981\/12\/Sumpik_Da_Asisit-removebg-preview-300x300.png 300w, https:\/\/www.tjspartakvaltirov.cz\/wp-content\/uploads\/1981\/12\/Sumpik_Da_Asisit-removebg-preview-150x150.png 150w, https:\/\/www.tjspartakvaltirov.cz\/wp-content\/uploads\/1981\/12\/Sumpik_Da_Asisit-removebg-preview-128x128.png 128w, https:\/\/www.tjspartakvaltirov.cz\/wp-content\/uploads\/1981\/12\/Sumpik_Da_Asisit-removebg-preview-32x32.png 32w, https:\/\/www.tjspartakvaltirov.cz\/wp-content\/uploads\/1981\/12\/Sumpik_Da_Asisit-removebg-preview-100x100.png 100w, https:\/\/www.tjspartakvaltirov.cz\/wp-content\/uploads\/1981\/12\/Sumpik_Da_Asisit-removebg-preview.png 500w\" sizes=\"auto, (max-width: 300px) 100vw, 300px\" \/>\t<\/div>\n\t<div class=\"sp-template sp-template-staff-details sp-template-details\">\n\t<div class=\"sp-list-wrapper\"><dl class=\"sp-staff-details\"><dt>N\u00e1rodnost<\/dt><dd><img decoding=\"async\" src=\"https:\/\/www.tjspartakvaltirov.cz\/wp-content\/plugins\/sportspress-pro\/includes\/sportspress\/assets\/images\/flags\/cze.png\" alt=\"cze\">Czechia<\/dd><dt>Aktu\u00e1ln\u00ed t\u00fdm<\/dt><dd><a href=\"https:\/\/www.tjspartakvaltirov.cz\/?sp_team=tj-spartak-valtirov\">Spartak Valt\u00ed\u0159ov<\/a><\/dd><dt>Narozeniny<\/dt><dd>31 prosince, 1981<\/dd><dt>V\u011bk<\/dt><dd>44<\/dd><\/dl><\/div><\/div>\n<div class=\"sp-template sp-template-staff-contacts sp-template-details\"><div class=\"sp-list-wrapper\"><dl class=\"sp-staff-details sp-staff-contact\"><\/dl><\/div><\/div><\/div>\n\n\n<div class=\"sportspress\">\t<h3 class=\"sp-staff-name\"><strong class=\"sp-staff-role\">Kustod<\/strong> Jind\u0159ich Turek<\/h3>\n\t\t<div class=\"sp-template sp-template-staff-photo sp-template-photo sp-staff-photo\">\n\t\t<img loading=\"lazy\" decoding=\"async\" width=\"300\" height=\"300\" src=\"https:\/\/www.tjspartakvaltirov.cz\/wp-content\/uploads\/1944\/12\/Turek_kustod-removebg-preview-300x300.png\" class=\"attachment-sportspress-fit-medium size-sportspress-fit-medium wp-post-image\" alt=\"\" srcset=\"https:\/\/www.tjspartakvaltirov.cz\/wp-content\/uploads\/1944\/12\/Turek_kustod-removebg-preview-300x300.png 300w, https:\/\/www.tjspartakvaltirov.cz\/wp-content\/uploads\/1944\/12\/Turek_kustod-removebg-preview-150x150.png 150w, https:\/\/www.tjspartakvaltirov.cz\/wp-content\/uploads\/1944\/12\/Turek_kustod-removebg-preview-128x128.png 128w, https:\/\/www.tjspartakvaltirov.cz\/wp-content\/uploads\/1944\/12\/Turek_kustod-removebg-preview-32x32.png 32w, https:\/\/www.tjspartakvaltirov.cz\/wp-content\/uploads\/1944\/12\/Turek_kustod-removebg-preview-100x100.png 100w, https:\/\/www.tjspartakvaltirov.cz\/wp-content\/uploads\/1944\/12\/Turek_kustod-removebg-preview.png 500w\" sizes=\"auto, (max-width: 300px) 100vw, 300px\" \/>\t<\/div>\n\t<div class=\"sp-template sp-template-staff-details sp-template-details\">\n\t<div class=\"sp-list-wrapper\"><dl class=\"sp-staff-details\"><dt>N\u00e1rodnost<\/dt><dd><img decoding=\"async\" src=\"https:\/\/www.tjspartakvaltirov.cz\/wp-content\/plugins\/sportspress-pro\/includes\/sportspress\/assets\/images\/flags\/cze.png\" alt=\"cze\">Czechia<\/dd><dt>Aktu\u00e1ln\u00ed t\u00fdm<\/dt><dd><a href=\"https:\/\/www.tjspartakvaltirov.cz\/?sp_team=tj-spartak-valtirov\">Spartak Valt\u00ed\u0159ov<\/a><\/dd><dt>Narozeniny<\/dt><dd>31 prosince, 1944<\/dd><dt>V\u011bk<\/dt><dd>81<\/dd><\/dl><\/div><\/div>\n<div class=\"sp-template sp-template-staff-contacts sp-template-details\"><div class=\"sp-list-wrapper\"><dl class=\"sp-staff-details sp-staff-contact\"><\/dl><\/div><\/div><\/div>\n\n\n<div class=\"sportspress\">\t<h3 class=\"sp-staff-name\"><strong class=\"sp-staff-role\">Fotograf<\/strong> Tereza Caninec<\/h3>\n\t\t<div class=\"sp-template sp-template-staff-photo sp-template-photo sp-staff-photo\">\n\t\t<img loading=\"lazy\" decoding=\"async\" width=\"300\" height=\"300\" src=\"https:\/\/www.tjspartakvaltirov.cz\/wp-content\/uploads\/1991\/12\/Terka-removebg-preview-300x300.png\" class=\"attachment-sportspress-fit-medium size-sportspress-fit-medium wp-post-image\" alt=\"\" srcset=\"https:\/\/www.tjspartakvaltirov.cz\/wp-content\/uploads\/1991\/12\/Terka-removebg-preview-300x300.png 300w, https:\/\/www.tjspartakvaltirov.cz\/wp-content\/uploads\/1991\/12\/Terka-removebg-preview-150x150.png 150w, https:\/\/www.tjspartakvaltirov.cz\/wp-content\/uploads\/1991\/12\/Terka-removebg-preview-128x128.png 128w, https:\/\/www.tjspartakvaltirov.cz\/wp-content\/uploads\/1991\/12\/Terka-removebg-preview-32x32.png 32w, https:\/\/www.tjspartakvaltirov.cz\/wp-content\/uploads\/1991\/12\/Terka-removebg-preview-100x100.png 100w, https:\/\/www.tjspartakvaltirov.cz\/wp-content\/uploads\/1991\/12\/Terka-removebg-preview.png 500w\" sizes=\"auto, (max-width: 300px) 100vw, 300px\" \/>\t<\/div>\n\t<div class=\"sp-template sp-template-staff-details sp-template-details\">\n\t<div class=\"sp-list-wrapper\"><dl class=\"sp-staff-details\"><dt>N\u00e1rodnost<\/dt><dd><img decoding=\"async\" src=\"https:\/\/www.tjspartakvaltirov.cz\/wp-content\/plugins\/sportspress-pro\/includes\/sportspress\/assets\/images\/flags\/cze.png\" alt=\"cze\">Czechia<\/dd><dt>Aktu\u00e1ln\u00ed t\u00fdm<\/dt><dd><a href=\"https:\/\/www.tjspartakvaltirov.cz\/?sp_team=tj-spartak-valtirov\">Spartak Valt\u00ed\u0159ov<\/a><\/dd><dt>Narozeniny<\/dt><dd>31 prosince, 1991<\/dd><dt>V\u011bk<\/dt><dd>34<\/dd><\/dl><\/div><\/div>\n<div class=\"sp-template sp-template-staff-contacts sp-template-details\"><div class=\"sp-list-wrapper\"><dl class=\"sp-staff-details sp-staff-contact\"><\/dl><\/div><\/div><\/div>\n","protected":false},"excerpt":{"rendered":"","protected":false},"author":1,"featured_media":0,"parent":0,"menu_order":0,"comment_status":"closed","ping_status":"closed","template":"","meta":{"footnotes":""},"class_list":["post-2079","page","type-page","status-publish","hentry"],"_links":{"self":[{"href":"https:\/\/www.tjspartakvaltirov.cz\/index.php?rest_route=\/wp\/v2\/pages\/2079","targetHints":{"allow":["GET"]}}],"collection":[{"href":"https:\/\/www.tjspartakvaltirov.cz\/index.php?rest_route=\/wp\/v2\/pages"}],"about":[{"href":"https:\/\/www.tjspartakvaltirov.cz\/index.php?rest_route=\/wp\/v2\/types\/page"}],"author":[{"embeddable":true,"href":"https:\/\/www.tjspartakvaltirov.cz\/index.php?rest_route=\/wp\/v2\/users\/1"}],"replies":[{"embeddable":true,"href":"https:\/\/www.tjspartakvaltirov.cz\/index.php?rest_route=%2Fwp%2Fv2%2Fcomments&post=2079"}],"version-history":[{"count":3,"href":"https:\/\/www.tjspartakvaltirov.cz\/index.php?rest_route=\/wp\/v2\/pages\/2079\/revisions"}],"predecessor-version":[{"id":2085,"href":"https:\/\/www.tjspartakvaltirov.cz\/index.php?rest_route=\/wp\/v2\/pages\/2079\/revisions\/2085"}],"wp:attachment":[{"href":"https:\/\/www.tjspartakvaltirov.cz\/index.php?rest_route=%2Fwp%2Fv2%2Fmedia&parent=2079"}],"curies":[{"name":"wp","href":"https:\/\/api.w.org\/{rel}","templated":true}]}}